{"id":35288,"date":"2023-11-23T10:25:22","date_gmt":"2023-11-23T08:25:22","guid":{"rendered":"https:\/\/laura.fi\/rekrytointi\/?page_id=35288"},"modified":"2025-10-10T15:01:24","modified_gmt":"2025-10-10T12:01:24","slug":"lauran-kumppanit","status":"publish","type":"page","link":"https:\/\/laura.fi\/rekrytointi\/lauran-kumppanit\/","title":{"rendered":"Lauran kumppanit"},"content":{"rendered":"<div id=\"cs-content\" class=\"cs-content\"><\/div>\n","protected":false},"excerpt":{"rendered":"<p>Yhteisty\u00f6ss\u00e4 on voimaaLauran kumppanit ovat keskeinen osa liiketoimintaamme ja strategiaamme. Uskomme vahvasti, ett\u00e4 yhteisty\u00f6 on avain menestykseen. Olemme luoneet vaikuttavan yhteisty\u00f6kumppanien verkoston, joka mahdollistaa laadukkaat digitaalisen rekrytoinnin palvelumme. Etsimme my\u00f6s jatkuvasti uusia ja mielenkiintoisia yhteisty\u00f6kumppaneita rekrytoinnin, HR:n ja ty\u00f6el\u00e4m\u00e4palveluiden osa-alueilta.Miksi tulla kumppaniksemme?Yhteisty\u00f6t\u00e4 tekem\u00e4ll\u00e4 meist\u00e4 tulee yhdess\u00e4 vahvempia. Yhdess\u00e4 voimme tehd\u00e4 ty\u00f6nhaku- ja rekrytointimarkkinoilla hyv\u00e4\u00e4 ja tarjota entist\u00e4kin parempia ratkaisuja ty\u00f6nhakijoilla &#8230; <\/p>\n<div><a href=\"https:\/\/laura.fi\/rekrytointi\/lauran-kumppanit\/\" class=\"more-link\">Lue lis\u00e4\u00e4<\/a><\/div>\n","protected":false},"author":25,"featured_media":0,"parent":0,"menu_order":0,"comment_status":"closed","ping_status":"closed","template":"template-layout-full-width.php","meta":{"footnotes":""},"class_list":["post-35288","page","type-page","status-publish","hentry","no-post-thumbnail"],"yoast_head":"<!-- This site is optimized with the Yoast SEO plugin v20.9 - https:\/\/yoast.com\/wordpress\/plugins\/seo\/ -->\n<title>Lauran kumppanit \u2013 liity joukkoon<\/title>\n<meta name=\"description\" content=\"Lauran kumppanit muodostavat vaikuttavan verkoston rekrytointi-, HR- ja ty\u00f6el\u00e4m\u00e4palveluita tarjoavia organisaatioita. Liity joukkoomme!\" \/>\n<meta name=\"robots\" content=\"index, follow, max-snippet:-1, max-image-preview:large, max-video-preview:-1\" \/>\n<link rel=\"canonical\" href=\"https:\/\/laura.fi\/rekrytointi\/lauran-kumppanit\/\" \/>\n<meta property=\"og:locale\" content=\"fi_FI\" \/>\n<meta property=\"og:type\" content=\"article\" \/>\n<meta property=\"og:title\" content=\"Lauran kumppanit \u2013 liity joukkoon\" \/>\n<meta property=\"og:description\" content=\"Lauran kumppanit muodostavat vaikuttavan verkoston rekrytointi-, HR- ja ty\u00f6el\u00e4m\u00e4palveluita tarjoavia organisaatioita. Yhteisty\u00f6ss\u00e4 on voimaa, liity joukkoomme!\" \/>\n<meta property=\"og:url\" content=\"https:\/\/laura.fi\/rekrytointi\/lauran-kumppanit\/\" \/>\n<meta property=\"og:site_name\" content=\"Laura.fi\" \/>\n<meta property=\"article:publisher\" content=\"https:\/\/fi-fi.facebook.com\/pages\/Uranusfi\/125289617532043\" \/>\n<meta property=\"article:modified_time\" content=\"2025-10-10T12:01:24+00:00\" \/>\n<meta property=\"og:image\" content=\"https:\/\/laura.fi\/rekrytointi\/wp-content\/uploads\/2024\/01\/Kumppanit-1200x628-1.jpg\" \/>\n\t<meta property=\"og:image:width\" content=\"1200\" \/>\n\t<meta property=\"og:image:height\" content=\"628\" \/>\n\t<meta property=\"og:image:type\" content=\"image\/jpeg\" \/>\n<meta name=\"twitter:card\" content=\"summary_large_image\" \/>\n<meta name=\"twitter:title\" content=\"Lauran kumppanit \u2013 liity joukkoon\" \/>\n<meta name=\"twitter:description\" content=\"Lauran kumppanit muodostavat vaikuttavan verkoston rekrytointi-, HR- ja ty\u00f6el\u00e4m\u00e4palveluita tarjoavia organisaatioita. Yhteisty\u00f6ss\u00e4 on voimaa, liity joukkoomme!\" \/>\n<meta name=\"twitter:image\" content=\"https:\/\/laura.fi\/rekrytointi\/wp-content\/uploads\/2024\/01\/Kumppanit-1200x628-1.jpg\" \/>\n<meta name=\"twitter:site\" content=\"@UranusOy\" \/>\n<meta name=\"twitter:label1\" content=\"Est. reading time\" \/>\n\t<meta name=\"twitter:data1\" content=\"8 minuuttia\" \/>\n<script type=\"application\/ld+json\" class=\"yoast-schema-graph\">{\"@context\":\"https:\/\/schema.org\",\"@graph\":[{\"@type\":\"WebPage\",\"@id\":\"https:\/\/laura.fi\/rekrytointi\/lauran-kumppanit\/\",\"url\":\"https:\/\/laura.fi\/rekrytointi\/lauran-kumppanit\/\",\"name\":\"Lauran kumppanit \u2013 liity joukkoon\",\"isPartOf\":{\"@id\":\"https:\/\/laura.fi\/rekrytointi\/#website\"},\"datePublished\":\"2023-11-23T08:25:22+00:00\",\"dateModified\":\"2025-10-10T12:01:24+00:00\",\"description\":\"Lauran kumppanit muodostavat vaikuttavan verkoston rekrytointi-, HR- ja ty\u00f6el\u00e4m\u00e4palveluita tarjoavia organisaatioita. Liity joukkoomme!\",\"breadcrumb\":{\"@id\":\"https:\/\/laura.fi\/rekrytointi\/lauran-kumppanit\/#breadcrumb\"},\"inLanguage\":\"fi\",\"potentialAction\":[{\"@type\":\"ReadAction\",\"target\":[\"https:\/\/laura.fi\/rekrytointi\/lauran-kumppanit\/\"]}]},{\"@type\":\"BreadcrumbList\",\"@id\":\"https:\/\/laura.fi\/rekrytointi\/lauran-kumppanit\/#breadcrumb\",\"itemListElement\":[{\"@type\":\"ListItem\",\"position\":1,\"name\":\"Etusivu\",\"item\":\"laura.fi\"},{\"@type\":\"ListItem\",\"position\":2,\"name\":\"Lauran kumppanit\"}]},{\"@type\":\"WebSite\",\"@id\":\"https:\/\/laura.fi\/rekrytointi\/#website\",\"url\":\"https:\/\/laura.fi\/rekrytointi\/\",\"name\":\"Laura.fi\",\"description\":\"Hyvi\u00e4 t\u00f6it\u00e4 ja rekrytointeja n\u00e4kyviss\u00e4\",\"publisher\":{\"@id\":\"https:\/\/laura.fi\/rekrytointi\/#organization\"},\"potentialAction\":[{\"@type\":\"SearchAction\",\"target\":{\"@type\":\"EntryPoint\",\"urlTemplate\":\"https:\/\/laura.fi\/rekrytointi\/?s={search_term_string}\"},\"query-input\":\"required name=search_term_string\"}],\"inLanguage\":\"fi\"},{\"@type\":\"Organization\",\"@id\":\"https:\/\/laura.fi\/rekrytointi\/#organization\",\"name\":\"LAURA Rekrytointi Oy\",\"url\":\"https:\/\/laura.fi\/rekrytointi\/\",\"logo\":{\"@type\":\"ImageObject\",\"inLanguage\":\"fi\",\"@id\":\"https:\/\/laura.fi\/rekrytointi\/#\/schema\/logo\/image\/\",\"url\":\"https:\/\/laura.fi\/rekrytointi\/wp-content\/uploads\/2017\/11\/REKRYCOM.png\",\"contentUrl\":\"https:\/\/laura.fi\/rekrytointi\/wp-content\/uploads\/2017\/11\/REKRYCOM.png\",\"width\":426,\"height\":142,\"caption\":\"LAURA Rekrytointi Oy\"},\"image\":{\"@id\":\"https:\/\/laura.fi\/rekrytointi\/#\/schema\/logo\/image\/\"},\"sameAs\":[\"https:\/\/fi-fi.facebook.com\/pages\/Uranusfi\/125289617532043\",\"https:\/\/twitter.com\/UranusOy\"]}]}<\/script>\n<!-- \/ Yoast SEO plugin. -->","yoast_head_json":{"title":"Lauran kumppanit \u2013 liity joukkoon","description":"Lauran kumppanit muodostavat vaikuttavan verkoston rekrytointi-, HR- ja ty\u00f6el\u00e4m\u00e4palveluita tarjoavia organisaatioita. Liity joukkoomme!","robots":{"index":"index","follow":"follow","max-snippet":"max-snippet:-1","max-image-preview":"max-image-preview:large","max-video-preview":"max-video-preview:-1"},"canonical":"https:\/\/laura.fi\/rekrytointi\/lauran-kumppanit\/","og_locale":"fi_FI","og_type":"article","og_title":"Lauran kumppanit \u2013 liity joukkoon","og_description":"Lauran kumppanit muodostavat vaikuttavan verkoston rekrytointi-, HR- ja ty\u00f6el\u00e4m\u00e4palveluita tarjoavia organisaatioita. Yhteisty\u00f6ss\u00e4 on voimaa, liity joukkoomme!","og_url":"https:\/\/laura.fi\/rekrytointi\/lauran-kumppanit\/","og_site_name":"Laura.fi","article_publisher":"https:\/\/fi-fi.facebook.com\/pages\/Uranusfi\/125289617532043","article_modified_time":"2025-10-10T12:01:24+00:00","og_image":[{"width":1200,"height":628,"url":"https:\/\/laura.fi\/rekrytointi\/wp-content\/uploads\/2024\/01\/Kumppanit-1200x628-1.jpg","type":"image\/jpeg"}],"twitter_card":"summary_large_image","twitter_title":"Lauran kumppanit \u2013 liity joukkoon","twitter_description":"Lauran kumppanit muodostavat vaikuttavan verkoston rekrytointi-, HR- ja ty\u00f6el\u00e4m\u00e4palveluita tarjoavia organisaatioita. Yhteisty\u00f6ss\u00e4 on voimaa, liity joukkoomme!","twitter_image":"https:\/\/laura.fi\/rekrytointi\/wp-content\/uploads\/2024\/01\/Kumppanit-1200x628-1.jpg","twitter_site":"@UranusOy","twitter_misc":{"Est. reading time":"8 minuuttia"},"schema":{"@context":"https:\/\/schema.org","@graph":[{"@type":"WebPage","@id":"https:\/\/laura.fi\/rekrytointi\/lauran-kumppanit\/","url":"https:\/\/laura.fi\/rekrytointi\/lauran-kumppanit\/","name":"Lauran kumppanit \u2013 liity joukkoon","isPartOf":{"@id":"https:\/\/laura.fi\/rekrytointi\/#website"},"datePublished":"2023-11-23T08:25:22+00:00","dateModified":"2025-10-10T12:01:24+00:00","description":"Lauran kumppanit muodostavat vaikuttavan verkoston rekrytointi-, HR- ja ty\u00f6el\u00e4m\u00e4palveluita tarjoavia organisaatioita. Liity joukkoomme!","breadcrumb":{"@id":"https:\/\/laura.fi\/rekrytointi\/lauran-kumppanit\/#breadcrumb"},"inLanguage":"fi","potentialAction":[{"@type":"ReadAction","target":["https:\/\/laura.fi\/rekrytointi\/lauran-kumppanit\/"]}]},{"@type":"BreadcrumbList","@id":"https:\/\/laura.fi\/rekrytointi\/lauran-kumppanit\/#breadcrumb","itemListElement":[{"@type":"ListItem","position":1,"name":"Etusivu","item":"laura.fi"},{"@type":"ListItem","position":2,"name":"Lauran kumppanit"}]},{"@type":"WebSite","@id":"https:\/\/laura.fi\/rekrytointi\/#website","url":"https:\/\/laura.fi\/rekrytointi\/","name":"Laura.fi","description":"Hyvi\u00e4 t\u00f6it\u00e4 ja rekrytointeja n\u00e4kyviss\u00e4","publisher":{"@id":"https:\/\/laura.fi\/rekrytointi\/#organization"},"potentialAction":[{"@type":"SearchAction","target":{"@type":"EntryPoint","urlTemplate":"https:\/\/laura.fi\/rekrytointi\/?s={search_term_string}"},"query-input":"required name=search_term_string"}],"inLanguage":"fi"},{"@type":"Organization","@id":"https:\/\/laura.fi\/rekrytointi\/#organization","name":"LAURA Rekrytointi Oy","url":"https:\/\/laura.fi\/rekrytointi\/","logo":{"@type":"ImageObject","inLanguage":"fi","@id":"https:\/\/laura.fi\/rekrytointi\/#\/schema\/logo\/image\/","url":"https:\/\/laura.fi\/rekrytointi\/wp-content\/uploads\/2017\/11\/REKRYCOM.png","contentUrl":"https:\/\/laura.fi\/rekrytointi\/wp-content\/uploads\/2017\/11\/REKRYCOM.png","width":426,"height":142,"caption":"LAURA Rekrytointi Oy"},"image":{"@id":"https:\/\/laura.fi\/rekrytointi\/#\/schema\/logo\/image\/"},"sameAs":["https:\/\/fi-fi.facebook.com\/pages\/Uranusfi\/125289617532043","https:\/\/twitter.com\/UranusOy"]}]}},"_links":{"self":[{"href":"https:\/\/laura.fi\/rekrytointi\/wp-json\/wp\/v2\/pages\/35288","targetHints":{"allow":["GET"]}}],"collection":[{"href":"https:\/\/laura.fi\/rekrytointi\/wp-json\/wp\/v2\/pages"}],"about":[{"href":"https:\/\/laura.fi\/rekrytointi\/wp-json\/wp\/v2\/types\/page"}],"author":[{"embeddable":true,"href":"https:\/\/laura.fi\/rekrytointi\/wp-json\/wp\/v2\/users\/25"}],"replies":[{"embeddable":true,"href":"https:\/\/laura.fi\/rekrytointi\/wp-json\/wp\/v2\/comments?post=35288"}],"version-history":[{"count":21,"href":"https:\/\/laura.fi\/rekrytointi\/wp-json\/wp\/v2\/pages\/35288\/revisions"}],"predecessor-version":[{"id":42026,"href":"https:\/\/laura.fi\/rekrytointi\/wp-json\/wp\/v2\/pages\/35288\/revisions\/42026"}],"wp:attachment":[{"href":"https:\/\/laura.fi\/rekrytointi\/wp-json\/wp\/v2\/media?parent=35288"}],"curies":[{"name":"wp","href":"https:\/\/api.w.org\/{rel}","templated":true}]}}