{"id":3854976,"date":"2026-08-31T14:29:36","date_gmt":"2026-08-31T11:29:36","guid":{"rendered":"https:\/\/laura.fi\/vacancies\/company\/head-chef-seasonal-job-saariselka\/head-chef-seasonal-job-saariselka\/"},"modified":"2026-08-31T17:37:49","modified_gmt":"2026-08-31T14:37:49","slug":"3854976","status":"publish","type":"job_listing","link":"https:\/\/laura.fi\/en\/vacancies\/hr-polku-oy\/head-chef-seasonal-job-saariselka\/3854976\/","title":{"rendered":"Head chef, seasonal job, Saariselk\u00e4"},"content":{"rendered":"<p>**HEAD CHEF \/ KITCHEN MANAGER FOR THE WINTER SEASON IN Saariselk\u00e4**<\/p>\n<p>We are looking for an **experienced Head Chef \/ Kitchen Manager for the winter season in Saariselk\u00e4, Finland!**<\/p>\n<p>The position starts in **December 2026** and continues until the **18th of Aprill 2027**.<\/p>\n<p>We are looking for a skilled and responsible chef with strong experience in professional kitchens and **\u00e0 la carte cooking**. As Head Chef, you will be responsible for the smooth daily operation of the kitchen, food quality and working together with the team to provide an excellent customer experience.<\/p>\n<p>**We are looking for someone who has:**<\/p>\n<p>&#8211; Strong professional kitchen experience and **\u00e0 la carte skills**<\/p>\n<p>&#8211; Previous experience leading a kitchen and supervising a team<\/p>\n<p>&#8211; An independent, organised and responsible approach to work<\/p>\n<p>&#8211; Good organisational and teamwork skills<\/p>\n<p>&#8211; **Good English skills**<\/p>\n<p>&#8211; A valid hygiene passport<\/p>\n<p>&#8211; **Your own car is required**, as a car is necessary for commuting to work<\/p>\n<p>**We offer:**<\/p>\n<p>&#8211; Seasonal work in beautiful Saariselk\u00e4<\/p>\n<p>&#8211; **Your own accommodation in Saariselk\u00e4**<\/p>\n<p>&#8211; Salary **\u20ac18\u201325\/hour**, depending on experience and skills<\/p>\n<p>&#8211; A friendly and international working environment<\/p>\n<p>&#8211; The opportunity to spend the winter season surrounded by the beautiful landscapes of Finnish Lapland<\/p>\n<p>If you are a skilled and responsible Head Chef who enjoys quality food, leading a team and working in a busy seasonal environment, **we would love to hear from you!**<br \/>\n<\/p>\n<div id=\"te-palvelut-info\">\n<div class=\"te-palvelut-row\"><span class=\"te-palvelut-hdr\">Employment relationship:<\/span><span class=\"te-palvelut-text\">Employment <\/span><\/div>\n<div class=\"te-palvelut-row\"><span class=\"te-palvelut-hdr\">Wage:<\/span><span class=\"te-palvelut-text\">Other <\/span><\/div>\n<div class=\"te-palvelut-row\"><span class=\"te-palvelut-hdr\">Working time:<\/span><span class=\"te-palvelut-text\">Daytime work, Evening work, Weekdays, Weekends, Shift work<\/span><\/div>\n<div class=\"te-palvelut-row\"><span class=\"te-palvelut-hdr\">Number of positions:<\/span><span class=\"te-palvelut-text\">1<\/span><\/div>\n<div class=\"te-palvelut-row\"><span class=\"te-palvelut-hdr\">Notes for applying:<\/span><span class=\"te-palvelut-text\">Send your CV to my email and tell me a little about yourself.<\/p>\n<p>esa.pekka@hrpolku.fi<\/span><\/div>\n<div class=\"te-palvelut-source\">Source: Job Market Finland\/Ty\u00f6markkinatori<\/div>\n<\/div>\n","protected":false},"author":0,"featured_media":0,"template":"","meta":{"_acf_changed":false,"inline_featured_image":false,"_company_tagline":"","_company_website":"","_company_twitter":"","_company_video":"","_filled":0,"_featured":0,"_remote_position":0,"_job_salary":"","_job_salary_currency":"","_job_salary_unit":""},"job_listing_region":[],"job-categories":[1524],"job-types":[567,566,563],"job_listing_tag":[1149],"class_list":["post-3854976","job_listing","type-job_listing","status-publish","hentry","job_listing_type-evening-weekend","job_listing_type-shift-work","job_listing_type-summer-seasonal-job","job_listing_tag-hotel-catering-tourism-industry","job_listing_company-hr-polku-oy","job_source-tyomarkkinatori","worktime-full-time","job-type-evening-weekend","job-type-shift-work","job-type-summer-seasonal-job"],"acf":[],"yoast_head":"<!-- This site is optimized with the Yoast SEO plugin v28.3 - https:\/\/yoast.com\/product\/yoast-seo-wordpress\/ -->\n<title>Head chef, seasonal job, Saariselk\u00e4 - Laura.fi<\/title>\n<meta name=\"description\" content=\"**HEAD CHEF \/ KITCHEN MANAGER FOR THE WINTER SEASON IN Saariselk\u00e4** We are looking for an **experienced Head Chef \/ Kitchen Manager for the winter season\" \/>\n<meta name=\"robots\" content=\"index, follow, max-snippet:-1, max-image-preview:large, max-video-preview:-1\" \/>\n<link rel=\"canonical\" href=\"https:\/\/laura.fi\/en\/vacancies\/hr-polku-oy\/head-chef-seasonal-job-saariselka\/3854976\/\" \/>\n<meta property=\"og:locale\" content=\"en_US\" \/>\n<meta property=\"og:type\" content=\"article\" \/>\n<meta property=\"og:title\" content=\"Head chef, seasonal job, Saariselk\u00e4 - Laura.fi\" \/>\n<meta property=\"og:description\" content=\"**HEAD CHEF \/ KITCHEN MANAGER FOR THE WINTER SEASON IN Saariselk\u00e4** We are looking for an **experienced Head Chef \/ Kitchen Manager for the winter season\" \/>\n<meta property=\"og:url\" content=\"https:\/\/laura.fi\/en\/vacancies\/hr-polku-oy\/head-chef-seasonal-job-saariselka\/3854976\/\" \/>\n<meta property=\"og:site_name\" content=\"Laura.fi\" \/>\n<meta property=\"article:publisher\" content=\"https:\/\/www.facebook.com\/LauraRekrytointiOy\/\" \/>\n<meta property=\"article:modified_time\" content=\"2026-08-31T14:37:49+00:00\" \/>\n<meta property=\"og:image\" content=\"https:\/\/laura.fi\/wp-content\/uploads\/2024\/01\/Hotelli-ravitsemus-ja-matkailuala-1024x536.png\" \/>\n\t<meta property=\"og:image:width\" content=\"1200\"\/>\n\t<meta property=\"og:image:height\" content=\"628\"\/>\n<meta name=\"twitter:card\" content=\"summary_large_image\" \/>\n<meta name=\"twitter:image\" content=\"https:\/\/laura.fi\/wp-content\/uploads\/2024\/01\/Hotelli-ravitsemus-ja-matkailuala-1024x536.png\" \/>\n<meta name=\"twitter:site\" content=\"@LauraRekry\" \/>\n<meta name=\"twitter:label1\" content=\"Est. reading time\" \/>\n\t<meta name=\"twitter:data1\" content=\"1 minute\" \/>\n<script type=\"application\/ld+json\" class=\"yoast-schema-graph\">{\"@context\":\"https:\\\/\\\/schema.org\",\"@graph\":[{\"@type\":\"WebPage\",\"@id\":\"https:\\\/\\\/laura.fi\\\/en\\\/vacancies\\\/hr-polku-oy\\\/head-chef-seasonal-job-saariselka\\\/3854976\\\/\",\"url\":\"https:\\\/\\\/laura.fi\\\/en\\\/vacancies\\\/hr-polku-oy\\\/head-chef-seasonal-job-saariselka\\\/3854976\\\/\",\"name\":\"Head chef, seasonal job, Saariselk\u00e4 - Laura.fi\",\"isPartOf\":{\"@id\":\"https:\\\/\\\/laura.fi\\\/#website\"},\"datePublished\":\"2026-08-31T11:29:36+00:00\",\"dateModified\":\"2026-08-31T14:37:49+00:00\",\"description\":\"**HEAD CHEF \\\/ KITCHEN MANAGER FOR THE WINTER SEASON IN Saariselk\u00e4** We are looking for an **experienced Head Chef \\\/ Kitchen Manager for the winter season\",\"breadcrumb\":{\"@id\":\"https:\\\/\\\/laura.fi\\\/en\\\/vacancies\\\/hr-polku-oy\\\/head-chef-seasonal-job-saariselka\\\/3854976\\\/#breadcrumb\"},\"inLanguage\":\"en-US\",\"potentialAction\":[{\"@type\":\"ReadAction\",\"target\":[\"https:\\\/\\\/laura.fi\\\/en\\\/vacancies\\\/hr-polku-oy\\\/head-chef-seasonal-job-saariselka\\\/3854976\\\/\"]}]},{\"@type\":\"BreadcrumbList\",\"@id\":\"https:\\\/\\\/laura.fi\\\/en\\\/vacancies\\\/hr-polku-oy\\\/head-chef-seasonal-job-saariselka\\\/3854976\\\/#breadcrumb\",\"itemListElement\":[{\"@type\":\"ListItem\",\"position\":1,\"name\":\"Home\",\"item\":\"https:\\\/\\\/laura.fi\\\/en\\\/\"},{\"@type\":\"ListItem\",\"position\":2,\"name\":\"Vacancies\",\"item\":\"https:\\\/\\\/laura.fi\\\/en\\\/vacancies\\\/\"},{\"@type\":\"ListItem\",\"position\":3,\"name\":\"HR-Polku Oy\",\"item\":\"\\\/en\\\/vacancies\\\/hr-polku-oy\\\/\"},{\"@type\":\"ListItem\",\"position\":4,\"name\":\"Head chef, seasonal job, Saariselk\u00e4\"}]},{\"@type\":\"WebSite\",\"@id\":\"https:\\\/\\\/laura.fi\\\/#website\",\"url\":\"https:\\\/\\\/laura.fi\\\/\",\"name\":\"Laura.fi\",\"description\":\"Hyvi\u00e4 t\u00f6it\u00e4 ja rekrytointeja n\u00e4kyviss\u00e4\",\"publisher\":{\"@id\":\"https:\\\/\\\/laura.fi\\\/#organization\"},\"potentialAction\":[{\"@type\":\"SearchAction\",\"target\":{\"@type\":\"EntryPoint\",\"urlTemplate\":\"https:\\\/\\\/laura.fi\\\/?s={search_term_string}\"},\"query-input\":{\"@type\":\"PropertyValueSpecification\",\"valueRequired\":true,\"valueName\":\"search_term_string\"}}],\"inLanguage\":\"en-US\"},{\"@type\":\"Organization\",\"@id\":\"https:\\\/\\\/laura.fi\\\/#organization\",\"name\":\"LAURA Rekrytointi Oy\",\"url\":\"https:\\\/\\\/laura.fi\\\/\",\"logo\":{\"@type\":\"ImageObject\",\"inLanguage\":\"en-US\",\"@id\":\"https:\\\/\\\/laura.fi\\\/#\\\/schema\\\/logo\\\/image\\\/\",\"url\":\"https:\\\/\\\/laura.fi\\\/wp-content\\\/uploads\\\/2024\\\/01\\\/LAURA_logo_oranssi.jpg\",\"contentUrl\":\"https:\\\/\\\/laura.fi\\\/wp-content\\\/uploads\\\/2024\\\/01\\\/LAURA_logo_oranssi.jpg\",\"width\":1392,\"height\":813,\"caption\":\"LAURA Rekrytointi Oy\"},\"image\":{\"@id\":\"https:\\\/\\\/laura.fi\\\/#\\\/schema\\\/logo\\\/image\\\/\"},\"sameAs\":[\"https:\\\/\\\/www.facebook.com\\\/LauraRekrytointiOy\\\/\",\"https:\\\/\\\/x.com\\\/LauraRekry\",\"https:\\\/\\\/www.linkedin.com\\\/company\\\/laurarekrytointioy\\\/\",\"https:\\\/\\\/www.instagram.com\\\/laurarekrytointioy\\\/\"]}]}<\/script>\n<!-- \/ Yoast SEO plugin. -->","yoast_head_json":{"title":"Head chef, seasonal job, Saariselk\u00e4 - Laura.fi","description":"**HEAD CHEF \/ KITCHEN MANAGER FOR THE WINTER SEASON IN Saariselk\u00e4** We are looking for an **experienced Head Chef \/ Kitchen Manager for the winter season","robots":{"index":"index","follow":"follow","max-snippet":"max-snippet:-1","max-image-preview":"max-image-preview:large","max-video-preview":"max-video-preview:-1"},"canonical":"https:\/\/laura.fi\/en\/vacancies\/hr-polku-oy\/head-chef-seasonal-job-saariselka\/3854976\/","og_locale":"en_US","og_type":"article","og_title":"Head chef, seasonal job, Saariselk\u00e4 - Laura.fi","og_description":"**HEAD CHEF \/ KITCHEN MANAGER FOR THE WINTER SEASON IN Saariselk\u00e4** We are looking for an **experienced Head Chef \/ Kitchen Manager for the winter season","og_url":"https:\/\/laura.fi\/en\/vacancies\/hr-polku-oy\/head-chef-seasonal-job-saariselka\/3854976\/","og_site_name":"Laura.fi","article_publisher":"https:\/\/www.facebook.com\/LauraRekrytointiOy\/","article_modified_time":"2026-08-31T14:37:49+00:00","twitter_card":"summary_large_image","twitter_image":"https:\/\/laura.fi\/wp-content\/uploads\/2024\/01\/Hotelli-ravitsemus-ja-matkailuala-1024x536.png","twitter_site":"@LauraRekry","twitter_misc":{"Est. reading time":"1 minute"},"schema":{"@context":"https:\/\/schema.org","@graph":[{"@type":"WebPage","@id":"https:\/\/laura.fi\/en\/vacancies\/hr-polku-oy\/head-chef-seasonal-job-saariselka\/3854976\/","url":"https:\/\/laura.fi\/en\/vacancies\/hr-polku-oy\/head-chef-seasonal-job-saariselka\/3854976\/","name":"Head chef, seasonal job, Saariselk\u00e4 - Laura.fi","isPartOf":{"@id":"https:\/\/laura.fi\/#website"},"datePublished":"2026-08-31T11:29:36+00:00","dateModified":"2026-08-31T14:37:49+00:00","description":"**HEAD CHEF \/ KITCHEN MANAGER FOR THE WINTER SEASON IN Saariselk\u00e4** We are looking for an **experienced Head Chef \/ Kitchen Manager for the winter season","breadcrumb":{"@id":"https:\/\/laura.fi\/en\/vacancies\/hr-polku-oy\/head-chef-seasonal-job-saariselka\/3854976\/#breadcrumb"},"inLanguage":"en-US","potentialAction":[{"@type":"ReadAction","target":["https:\/\/laura.fi\/en\/vacancies\/hr-polku-oy\/head-chef-seasonal-job-saariselka\/3854976\/"]}]},{"@type":"BreadcrumbList","@id":"https:\/\/laura.fi\/en\/vacancies\/hr-polku-oy\/head-chef-seasonal-job-saariselka\/3854976\/#breadcrumb","itemListElement":[{"@type":"ListItem","position":1,"name":"Home","item":"https:\/\/laura.fi\/en\/"},{"@type":"ListItem","position":2,"name":"Vacancies","item":"https:\/\/laura.fi\/en\/vacancies\/"},{"@type":"ListItem","position":3,"name":"HR-Polku Oy","item":"\/en\/vacancies\/hr-polku-oy\/"},{"@type":"ListItem","position":4,"name":"Head chef, seasonal job, Saariselk\u00e4"}]},{"@type":"WebSite","@id":"https:\/\/laura.fi\/#website","url":"https:\/\/laura.fi\/","name":"Laura.fi","description":"Hyvi\u00e4 t\u00f6it\u00e4 ja rekrytointeja n\u00e4kyviss\u00e4","publisher":{"@id":"https:\/\/laura.fi\/#organization"},"potentialAction":[{"@type":"SearchAction","target":{"@type":"EntryPoint","urlTemplate":"https:\/\/laura.fi\/?s={search_term_string}"},"query-input":{"@type":"PropertyValueSpecification","valueRequired":true,"valueName":"search_term_string"}}],"inLanguage":"en-US"},{"@type":"Organization","@id":"https:\/\/laura.fi\/#organization","name":"LAURA Rekrytointi Oy","url":"https:\/\/laura.fi\/","logo":{"@type":"ImageObject","inLanguage":"en-US","@id":"https:\/\/laura.fi\/#\/schema\/logo\/image\/","url":"https:\/\/laura.fi\/wp-content\/uploads\/2024\/01\/LAURA_logo_oranssi.jpg","contentUrl":"https:\/\/laura.fi\/wp-content\/uploads\/2024\/01\/LAURA_logo_oranssi.jpg","width":1392,"height":813,"caption":"LAURA Rekrytointi Oy"},"image":{"@id":"https:\/\/laura.fi\/#\/schema\/logo\/image\/"},"sameAs":["https:\/\/www.facebook.com\/LauraRekrytointiOy\/","https:\/\/x.com\/LauraRekry","https:\/\/www.linkedin.com\/company\/laurarekrytointioy\/","https:\/\/www.instagram.com\/laurarekrytointioy\/"]}]}},"_links":{"self":[{"href":"https:\/\/laura.fi\/en\/wp-json\/wp\/v2\/job-listings\/3854976","targetHints":{"allow":["GET"]}}],"collection":[{"href":"https:\/\/laura.fi\/en\/wp-json\/wp\/v2\/job-listings"}],"about":[{"href":"https:\/\/laura.fi\/en\/wp-json\/wp\/v2\/types\/job_listing"}],"wp:attachment":[{"href":"https:\/\/laura.fi\/en\/wp-json\/wp\/v2\/media?parent=3854976"}],"wp:term":[{"taxonomy":"job_listing_region","embeddable":true,"href":"https:\/\/laura.fi\/en\/wp-json\/wp\/v2\/job_listing_region?post=3854976"},{"taxonomy":"job_listing_category","embeddable":true,"href":"https:\/\/laura.fi\/en\/wp-json\/wp\/v2\/job-categories?post=3854976"},{"taxonomy":"job_listing_type","embeddable":true,"href":"https:\/\/laura.fi\/en\/wp-json\/wp\/v2\/job-types?post=3854976"},{"taxonomy":"job_listing_tag","embeddable":true,"href":"https:\/\/laura.fi\/en\/wp-json\/wp\/v2\/job_listing_tag?post=3854976"}],"curies":[{"name":"wp","href":"https:\/\/api.w.org\/{rel}","templated":true}]}}