{"id":3852591,"date":"2026-08-28T13:14:24","date_gmt":"2026-08-28T10:14:24","guid":{"rendered":"https:\/\/laura.fi\/vacancies\/company\/klasslarare-till-cygnaeus-skola\/klasslarare-till-cygnaeus-skola\/"},"modified":"2026-08-28T13:36:37","modified_gmt":"2026-08-28T10:36:37","slug":"3852591","status":"publish","type":"job_listing","link":"https:\/\/laura.fi\/en\/vacancies\/abo-stad\/klasslarare-till-cygnaeus-skola\/3852591\/","title":{"rendered":"Klassl\u00e4rare till Cygnaeus skola"},"content":{"rendered":"<p>I v\u00e5ra tv\u00e5 enheter, Cygnaeus skola och Braheskolan, g\u00e5r cirka 470 elever fr\u00e5n \u00e5rskurs 1 till 6 detta l\u00e4s\u00e5r. Med en gemensam personalstyrka p\u00e5 runt 50 engagerade medarbetare fokuserar vi p\u00e5 att utveckla undervisningen tillsammans.<\/p>\n<p>Hos oss \u00e4r trivsel och gemenskap centrala v\u00e4rden &#8211; vi vet att b\u00e5de elever och personal m\u00e5r b\u00e4st i en trygg och inkluderande milj\u00f6. V\u00e5ra medarbetare beskriver skolan som en plats d\u00e4r de k\u00e4nner delaktighet, f\u00e5r m\u00f6jlighet att utvecklas i sitt arbete och verkligen trivs med sin arbetsplats.<\/p>\n<p>Arbetet \u00e4r tidsbundet f\u00f6r tiden 26.10.2026-5.6.2027.<\/p>\n<p>Beh\u00f6righetskraven best\u00e4ms enligt f\u00f6rordningen om beh\u00f6righetsvillkor f\u00f6r undervisningspersonal (986\/1998). Den som v\u00e4ljs till tj\u00e4nsten ska l\u00e4mna in en utredning om sitt h\u00e4lsotillst\u00e5nd (KVhL 7 \u00a7) samt ett straffregisterutdrag enligt 6 \u00a7 2 mom. i straffregisterlagen (lagen om kontroll av brottslig bakgrund hos personer som arbetar med barn 504\/2002). Tj\u00e4nstef\u00f6rh\u00e5llandet omfattas av pr\u00f6votid.<\/p>\n<p>Vi f\u00f6rv\u00e4ntar oss att du<br \/>\n&#8211; bem\u00f6ter elever som individer och vill handleda och st\u00f6dja den ungas utveckling,<br \/>\n&#8211; \u00e4r spr\u00e5kligt medveten och beaktar elevernas spr\u00e5kliga bakgrund,<br \/>\n&#8211; har god samarbets- och kommunikationsf\u00f6rm\u00e5ga,<br \/>\n&#8211; tar en aktiv och positiv roll i v\u00e5rt team. <\/p>\n<p>\u00c5bos skolor erbjuder storstadens f\u00f6rdelar:<br \/>\n&#8211; Kollegialt st\u00f6d och stark gemenskap &#8211; du blir inte ensam<br \/>\n&#8211; V\u00e4lfungerande multiprofessionellt samarbete med elevv\u00e5rdens yrkespersoner<br \/>\n&#8211; Aktiv utvecklingskultur och teamarbete<\/p>\n<p>Hos \u00c5bo stad f\u00e5r du:<br \/>\n&#8211; M\u00e5ngsidiga utbildningsm\u00f6jligheter<br \/>\n&#8211; F\u00f6li-arbetsresebiljett f\u00f6r f\u00f6rm\u00e5nligare bussresor<br \/>\n&#8211; Tyky-armband f\u00f6r stadens motions- och kulturservice<\/p>\n<p>Kom och arbeta i en skola d\u00e4r l\u00e4randet \u00e4r en gl\u00e4djesak och m\u00f6ten \u00e4r v\u00e4rdefulla!<\/p>\n<p>F\u00f6r att fr\u00e4mja j\u00e4mlikhet och likabehandling anv\u00e4nder \u00c5bo stad anonym rekrytering. I praktiken inneb\u00e4r detta att man i det f\u00f6rsta skedet av rekryteringsprocessen inte ska ange uppgifter om till exempel \u00e5lder, modersm\u00e5l eller k\u00f6n som svar p\u00e5 de \u00f6ppna fr\u00e5gorna i arbetsans\u00f6kningen. \u00c4ven om en del av dessa uppgifter fr\u00e5gas f\u00f6r bakgrundsinformation, syns de inte i den anonyma ans\u00f6kningsrapporten f\u00f6r den rekryterande chefen. M\u00e5let med anonym rekrytering \u00e4r att rikta uppm\u00e4rksamheten p\u00e5 s\u00f6kandes yrkesm\u00e4ssiga kunnande och arbetserfarenhet.<br \/>\n<\/p>\n<div id=\"te-palvelut-info\">\n<div class=\"te-palvelut-row\"><span class=\"te-palvelut-hdr\">Employment relationship:<\/span><span class=\"te-palvelut-text\">Public service relationship <\/span><\/div>\n<div class=\"te-palvelut-row\"><span class=\"te-palvelut-hdr\">Wage:<\/span><span class=\"te-palvelut-text\">Other Enligt Ukta<\/span><\/div>\n<div class=\"te-palvelut-row\"><span class=\"te-palvelut-hdr\">Working time:<\/span><span class=\"te-palvelut-text\">Daytime work<\/span><\/div>\n<div class=\"te-palvelut-row\"><span class=\"te-palvelut-hdr\">Number of positions:<\/span><span class=\"te-palvelut-text\">1<\/span><\/div>\n<div class=\"te-palvelut-row\"><span class=\"te-palvelut-hdr\">Notes for applying:<\/span><span class=\"te-palvelut-text\">N\u00e4rmare uppgifter ges av rektor Nicke Wulff tfn 040 670 4248, nicke.wulff(a)edu.turku.fi.<\/p>\n<p>Att l\u00e4mna in ans\u00f6kan: Platsen skall s\u00f6kas elektroniskt under S\u00f6k arbetsplats.<\/span><\/div>\n<div class=\"te-palvelut-source\">Source: Job Market Finland\/Ty\u00f6markkinatori<\/div>\n<\/div>\n","protected":false},"author":0,"featured_media":0,"template":"","meta":{"_acf_changed":false,"inline_featured_image":false,"_company_tagline":"","_company_website":"","_company_twitter":"","_company_video":"","_filled":0,"_featured":0,"_remote_position":0,"_job_salary":"","_job_salary_currency":"","_job_salary_unit":""},"job_listing_region":[],"job-categories":[1524,3905,3905],"job-types":[562],"job_listing_tag":[1153],"class_list":["post-3852591","job_listing","type-job_listing","status-publish","hentry","job_listing_type-temporary-substitute","job_listing_tag-education-teaching","job_listing_company-abo-stad","job_source-tyomarkkinatori","worktime-full-time","job-type-temporary-substitute"],"acf":[],"yoast_head":"<!-- This site is optimized with the Yoast SEO plugin v28.3 - https:\/\/yoast.com\/product\/yoast-seo-wordpress\/ -->\n<title>Klassl\u00e4rare till Cygnaeus skola - Laura.fi<\/title>\n<meta name=\"description\" content=\"I v\u00e5ra tv\u00e5 enheter, Cygnaeus skola och Braheskolan, g\u00e5r cirka 470 elever fr\u00e5n \u00e5rskurs 1 till 6 detta l\u00e4s\u00e5r. Med en gemensam personalstyrka p\u00e5 runt 50\" \/>\n<meta name=\"robots\" content=\"index, follow, max-snippet:-1, max-image-preview:large, max-video-preview:-1\" \/>\n<link rel=\"canonical\" href=\"https:\/\/laura.fi\/en\/vacancies\/abo-stad\/klasslarare-till-cygnaeus-skola\/3852591\/\" \/>\n<meta property=\"og:locale\" content=\"en_US\" \/>\n<meta property=\"og:type\" content=\"article\" \/>\n<meta property=\"og:title\" content=\"Klassl\u00e4rare till Cygnaeus skola - Laura.fi\" \/>\n<meta property=\"og:description\" content=\"I v\u00e5ra tv\u00e5 enheter, Cygnaeus skola och Braheskolan, g\u00e5r cirka 470 elever fr\u00e5n \u00e5rskurs 1 till 6 detta l\u00e4s\u00e5r. Med en gemensam personalstyrka p\u00e5 runt 50\" \/>\n<meta property=\"og:url\" content=\"https:\/\/laura.fi\/en\/vacancies\/abo-stad\/klasslarare-till-cygnaeus-skola\/3852591\/\" \/>\n<meta property=\"og:site_name\" content=\"Laura.fi\" \/>\n<meta property=\"article:publisher\" content=\"https:\/\/www.facebook.com\/LauraRekrytointiOy\/\" \/>\n<meta property=\"article:modified_time\" content=\"2026-08-28T10:36:37+00:00\" \/>\n<meta property=\"og:image\" content=\"https:\/\/laura.fi\/wp-content\/uploads\/2024\/01\/Kasvatus-ja-opetusala-1024x536.png\" \/>\n\t<meta property=\"og:image:width\" content=\"1200\"\/>\n\t<meta property=\"og:image:height\" content=\"628\"\/>\n<meta name=\"twitter:card\" content=\"summary_large_image\" \/>\n<meta name=\"twitter:image\" content=\"https:\/\/laura.fi\/wp-content\/uploads\/2024\/01\/Kasvatus-ja-opetusala-1024x536.png\" \/>\n<meta name=\"twitter:site\" content=\"@LauraRekry\" \/>\n<meta name=\"twitter:label1\" content=\"Est. reading time\" \/>\n\t<meta name=\"twitter:data1\" content=\"2 minutes\" \/>\n<script type=\"application\/ld+json\" class=\"yoast-schema-graph\">{\"@context\":\"https:\\\/\\\/schema.org\",\"@graph\":[{\"@type\":\"WebPage\",\"@id\":\"https:\\\/\\\/laura.fi\\\/en\\\/vacancies\\\/abo-stad\\\/klasslarare-till-cygnaeus-skola\\\/3852591\\\/\",\"url\":\"https:\\\/\\\/laura.fi\\\/en\\\/vacancies\\\/abo-stad\\\/klasslarare-till-cygnaeus-skola\\\/3852591\\\/\",\"name\":\"Klassl\u00e4rare till Cygnaeus skola - Laura.fi\",\"isPartOf\":{\"@id\":\"https:\\\/\\\/laura.fi\\\/#website\"},\"datePublished\":\"2026-08-28T10:14:24+00:00\",\"dateModified\":\"2026-08-28T10:36:37+00:00\",\"description\":\"I v\u00e5ra tv\u00e5 enheter, Cygnaeus skola och Braheskolan, g\u00e5r cirka 470 elever fr\u00e5n \u00e5rskurs 1 till 6 detta l\u00e4s\u00e5r. Med en gemensam personalstyrka p\u00e5 runt 50\",\"breadcrumb\":{\"@id\":\"https:\\\/\\\/laura.fi\\\/en\\\/vacancies\\\/abo-stad\\\/klasslarare-till-cygnaeus-skola\\\/3852591\\\/#breadcrumb\"},\"inLanguage\":\"en-US\",\"potentialAction\":[{\"@type\":\"ReadAction\",\"target\":[\"https:\\\/\\\/laura.fi\\\/en\\\/vacancies\\\/abo-stad\\\/klasslarare-till-cygnaeus-skola\\\/3852591\\\/\"]}]},{\"@type\":\"BreadcrumbList\",\"@id\":\"https:\\\/\\\/laura.fi\\\/en\\\/vacancies\\\/abo-stad\\\/klasslarare-till-cygnaeus-skola\\\/3852591\\\/#breadcrumb\",\"itemListElement\":[{\"@type\":\"ListItem\",\"position\":1,\"name\":\"Home\",\"item\":\"https:\\\/\\\/laura.fi\\\/en\\\/\"},{\"@type\":\"ListItem\",\"position\":2,\"name\":\"Vacancies\",\"item\":\"https:\\\/\\\/laura.fi\\\/en\\\/vacancies\\\/\"},{\"@type\":\"ListItem\",\"position\":3,\"name\":\"\u00c5bo stad\",\"item\":\"\\\/en\\\/vacancies\\\/abo-stad\\\/\"},{\"@type\":\"ListItem\",\"position\":4,\"name\":\"Klassl\u00e4rare till Cygnaeus skola\"}]},{\"@type\":\"WebSite\",\"@id\":\"https:\\\/\\\/laura.fi\\\/#website\",\"url\":\"https:\\\/\\\/laura.fi\\\/\",\"name\":\"Laura.fi\",\"description\":\"Hyvi\u00e4 t\u00f6it\u00e4 ja rekrytointeja n\u00e4kyviss\u00e4\",\"publisher\":{\"@id\":\"https:\\\/\\\/laura.fi\\\/#organization\"},\"potentialAction\":[{\"@type\":\"SearchAction\",\"target\":{\"@type\":\"EntryPoint\",\"urlTemplate\":\"https:\\\/\\\/laura.fi\\\/?s={search_term_string}\"},\"query-input\":{\"@type\":\"PropertyValueSpecification\",\"valueRequired\":true,\"valueName\":\"search_term_string\"}}],\"inLanguage\":\"en-US\"},{\"@type\":\"Organization\",\"@id\":\"https:\\\/\\\/laura.fi\\\/#organization\",\"name\":\"LAURA Rekrytointi Oy\",\"url\":\"https:\\\/\\\/laura.fi\\\/\",\"logo\":{\"@type\":\"ImageObject\",\"inLanguage\":\"en-US\",\"@id\":\"https:\\\/\\\/laura.fi\\\/#\\\/schema\\\/logo\\\/image\\\/\",\"url\":\"https:\\\/\\\/laura.fi\\\/wp-content\\\/uploads\\\/2024\\\/01\\\/LAURA_logo_oranssi.jpg\",\"contentUrl\":\"https:\\\/\\\/laura.fi\\\/wp-content\\\/uploads\\\/2024\\\/01\\\/LAURA_logo_oranssi.jpg\",\"width\":1392,\"height\":813,\"caption\":\"LAURA Rekrytointi Oy\"},\"image\":{\"@id\":\"https:\\\/\\\/laura.fi\\\/#\\\/schema\\\/logo\\\/image\\\/\"},\"sameAs\":[\"https:\\\/\\\/www.facebook.com\\\/LauraRekrytointiOy\\\/\",\"https:\\\/\\\/x.com\\\/LauraRekry\",\"https:\\\/\\\/www.linkedin.com\\\/company\\\/laurarekrytointioy\\\/\",\"https:\\\/\\\/www.instagram.com\\\/laurarekrytointioy\\\/\"]}]}<\/script>\n<!-- \/ Yoast SEO plugin. -->","yoast_head_json":{"title":"Klassl\u00e4rare till Cygnaeus skola - Laura.fi","description":"I v\u00e5ra tv\u00e5 enheter, Cygnaeus skola och Braheskolan, g\u00e5r cirka 470 elever fr\u00e5n \u00e5rskurs 1 till 6 detta l\u00e4s\u00e5r. Med en gemensam personalstyrka p\u00e5 runt 50","robots":{"index":"index","follow":"follow","max-snippet":"max-snippet:-1","max-image-preview":"max-image-preview:large","max-video-preview":"max-video-preview:-1"},"canonical":"https:\/\/laura.fi\/en\/vacancies\/abo-stad\/klasslarare-till-cygnaeus-skola\/3852591\/","og_locale":"en_US","og_type":"article","og_title":"Klassl\u00e4rare till Cygnaeus skola - Laura.fi","og_description":"I v\u00e5ra tv\u00e5 enheter, Cygnaeus skola och Braheskolan, g\u00e5r cirka 470 elever fr\u00e5n \u00e5rskurs 1 till 6 detta l\u00e4s\u00e5r. Med en gemensam personalstyrka p\u00e5 runt 50","og_url":"https:\/\/laura.fi\/en\/vacancies\/abo-stad\/klasslarare-till-cygnaeus-skola\/3852591\/","og_site_name":"Laura.fi","article_publisher":"https:\/\/www.facebook.com\/LauraRekrytointiOy\/","article_modified_time":"2026-08-28T10:36:37+00:00","twitter_card":"summary_large_image","twitter_image":"https:\/\/laura.fi\/wp-content\/uploads\/2024\/01\/Kasvatus-ja-opetusala-1024x536.png","twitter_site":"@LauraRekry","twitter_misc":{"Est. reading time":"2 minutes"},"schema":{"@context":"https:\/\/schema.org","@graph":[{"@type":"WebPage","@id":"https:\/\/laura.fi\/en\/vacancies\/abo-stad\/klasslarare-till-cygnaeus-skola\/3852591\/","url":"https:\/\/laura.fi\/en\/vacancies\/abo-stad\/klasslarare-till-cygnaeus-skola\/3852591\/","name":"Klassl\u00e4rare till Cygnaeus skola - Laura.fi","isPartOf":{"@id":"https:\/\/laura.fi\/#website"},"datePublished":"2026-08-28T10:14:24+00:00","dateModified":"2026-08-28T10:36:37+00:00","description":"I v\u00e5ra tv\u00e5 enheter, Cygnaeus skola och Braheskolan, g\u00e5r cirka 470 elever fr\u00e5n \u00e5rskurs 1 till 6 detta l\u00e4s\u00e5r. Med en gemensam personalstyrka p\u00e5 runt 50","breadcrumb":{"@id":"https:\/\/laura.fi\/en\/vacancies\/abo-stad\/klasslarare-till-cygnaeus-skola\/3852591\/#breadcrumb"},"inLanguage":"en-US","potentialAction":[{"@type":"ReadAction","target":["https:\/\/laura.fi\/en\/vacancies\/abo-stad\/klasslarare-till-cygnaeus-skola\/3852591\/"]}]},{"@type":"BreadcrumbList","@id":"https:\/\/laura.fi\/en\/vacancies\/abo-stad\/klasslarare-till-cygnaeus-skola\/3852591\/#breadcrumb","itemListElement":[{"@type":"ListItem","position":1,"name":"Home","item":"https:\/\/laura.fi\/en\/"},{"@type":"ListItem","position":2,"name":"Vacancies","item":"https:\/\/laura.fi\/en\/vacancies\/"},{"@type":"ListItem","position":3,"name":"\u00c5bo stad","item":"\/en\/vacancies\/abo-stad\/"},{"@type":"ListItem","position":4,"name":"Klassl\u00e4rare till Cygnaeus skola"}]},{"@type":"WebSite","@id":"https:\/\/laura.fi\/#website","url":"https:\/\/laura.fi\/","name":"Laura.fi","description":"Hyvi\u00e4 t\u00f6it\u00e4 ja rekrytointeja n\u00e4kyviss\u00e4","publisher":{"@id":"https:\/\/laura.fi\/#organization"},"potentialAction":[{"@type":"SearchAction","target":{"@type":"EntryPoint","urlTemplate":"https:\/\/laura.fi\/?s={search_term_string}"},"query-input":{"@type":"PropertyValueSpecification","valueRequired":true,"valueName":"search_term_string"}}],"inLanguage":"en-US"},{"@type":"Organization","@id":"https:\/\/laura.fi\/#organization","name":"LAURA Rekrytointi Oy","url":"https:\/\/laura.fi\/","logo":{"@type":"ImageObject","inLanguage":"en-US","@id":"https:\/\/laura.fi\/#\/schema\/logo\/image\/","url":"https:\/\/laura.fi\/wp-content\/uploads\/2024\/01\/LAURA_logo_oranssi.jpg","contentUrl":"https:\/\/laura.fi\/wp-content\/uploads\/2024\/01\/LAURA_logo_oranssi.jpg","width":1392,"height":813,"caption":"LAURA Rekrytointi Oy"},"image":{"@id":"https:\/\/laura.fi\/#\/schema\/logo\/image\/"},"sameAs":["https:\/\/www.facebook.com\/LauraRekrytointiOy\/","https:\/\/x.com\/LauraRekry","https:\/\/www.linkedin.com\/company\/laurarekrytointioy\/","https:\/\/www.instagram.com\/laurarekrytointioy\/"]}]}},"_links":{"self":[{"href":"https:\/\/laura.fi\/en\/wp-json\/wp\/v2\/job-listings\/3852591","targetHints":{"allow":["GET"]}}],"collection":[{"href":"https:\/\/laura.fi\/en\/wp-json\/wp\/v2\/job-listings"}],"about":[{"href":"https:\/\/laura.fi\/en\/wp-json\/wp\/v2\/types\/job_listing"}],"wp:attachment":[{"href":"https:\/\/laura.fi\/en\/wp-json\/wp\/v2\/media?parent=3852591"}],"wp:term":[{"taxonomy":"job_listing_region","embeddable":true,"href":"https:\/\/laura.fi\/en\/wp-json\/wp\/v2\/job_listing_region?post=3852591"},{"taxonomy":"job_listing_category","embeddable":true,"href":"https:\/\/laura.fi\/en\/wp-json\/wp\/v2\/job-categories?post=3852591"},{"taxonomy":"job_listing_type","embeddable":true,"href":"https:\/\/laura.fi\/en\/wp-json\/wp\/v2\/job-types?post=3852591"},{"taxonomy":"job_listing_tag","embeddable":true,"href":"https:\/\/laura.fi\/en\/wp-json\/wp\/v2\/job_listing_tag?post=3852591"}],"curies":[{"name":"wp","href":"https:\/\/api.w.org\/{rel}","templated":true}]}}