{"id":3849069,"date":"2026-08-25T11:41:47","date_gmt":"2026-08-25T08:41:47","guid":{"rendered":"https:\/\/laura.fi\/vacancies\/company\/ecec-child-carer-varhaiskasvatuksen-lastenhoitaja-sunshine-pyynikki-daycare-starting-7th-sep-or-as-agreed\/ecec-child-carer-varhaiskasvatuksen-lastenhoitaja-sunshine-pyynikki-daycare-starting-7th-sep-or-as-agreed\/"},"modified":"2026-08-25T13:36:11","modified_gmt":"2026-08-25T10:36:11","slug":"3849069","status":"publish","type":"job_listing","link":"https:\/\/laura.fi\/en\/vacancies\/sunshine-early-learning-centre-oy\/ecec-child-carer-varhaiskasvatuksen-lastenhoitaja-sunshine-pyynikki-daycare-starting-7th-sep-or-as-agreed\/3849069\/","title":{"rendered":"ECEC Child Carer \/ Varhaiskasvatuksen lastenhoitaja, Sunshine Pyynikki Daycare, starting 7th Sep or as agreed"},"content":{"rendered":"<p>Dear ECEC Child Carers,<\/p>\n<p>Sunshine Early Learning Centre is looking for a new early childhood education professional, to join our international team at Sunshine Pyynikki Daycare.<\/p>\n<p>Are you the enthusiastic, committed and collaborative professional we are looking for?<\/p>\n<p>We are looking for a professional who:<\/p>\n<p>&#8211; Genuinely enjoys working with children and families<\/p>\n<p>&#8211; Values teamwork and helps building a positive, safe work atmosphere<\/p>\n<p>&#8211; Is passionate about high-quality pedagogy &#8211; a good knowledge of the National Core Curriculum for Early Childhood Education and Care (2022) is important in this position<\/p>\n<p>&#8211; Wants to contribute to an inspiring learning environment<\/p>\n<p>&#8211; Is interested in developing their own expertise in the field as well<\/p>\n<p>&#8211; Embraces our core values of **quality, togetherness, and joy**, which we want to be visible to our small customers, their families and our staff in all our activities<\/p>\n<p>&#8211; Meets the qualification requirements for the position: The required qualification for this position is a practical nurse (l\u00e4hihoitaja) qualification or other equivalent qualification in accordance with the Finnish Early Childhood Education Act (540\/2018). If your qualification is not from Finland, it must be recognised by the Finnish Agency for Education (Opetushallitus).<\/p>\n<p>Our working language is English, so it is essential that you have very good English language skills.<\/p>\n<p>At Sunshine, staff well-being and professional growth are central to our culture. We provide:<\/p>\n<p>&#8211; A comprehensive **six-month induction program**<\/p>\n<p>&#8211; Continuous professional development and training<\/p>\n<p>&#8211; Regular team meetings<\/p>\n<p>&#8211; **ePassi** benefits for leisure and well-being<\/p>\n<p>&#8211; Occupational health care<\/p>\n<p>&#8211; Annual team events and a supportive, warm community<\/p>\n<p>Please send your application with your resume as soon as possible and no later than 2nd September 2026 to office@selc.fi.<\/p>\n<p>We will fill the position as soon as a suitable candidate has been found. The suitable candidate will have to show the extract of their criminal record. There will be a six month probationary period at the start of the employment.<br \/>\n<\/p>\n<div id=\"te-palvelut-info\">\n<div class=\"te-palvelut-row\"><span class=\"te-palvelut-hdr\">Employment relationship:<\/span><span class=\"te-palvelut-text\">Employment <\/span><\/div>\n<div class=\"te-palvelut-row\"><span class=\"te-palvelut-hdr\">Wage:<\/span><span class=\"te-palvelut-text\">Other Collective agreement for the private early childhood education and care sector 20C: 2476,15 &#8211; 2677,64 e month<\/span><\/div>\n<div class=\"te-palvelut-row\"><span class=\"te-palvelut-hdr\">Working time:<\/span><span class=\"te-palvelut-text\">Daytime work, Weekdays<\/span><\/div>\n<div class=\"te-palvelut-row\"><span class=\"te-palvelut-hdr\">Number of positions:<\/span><span class=\"te-palvelut-text\">1<\/span><\/div>\n<div class=\"te-palvelut-row\"><span class=\"te-palvelut-hdr\">Notes for applying:<\/span><span class=\"te-palvelut-text\">Please send your application with your resume as soon as possible and no later than 2nd September 2026 to office@selc.fi<\/span><\/div>\n<div class=\"te-palvelut-source\">Source: Job Market Finland\/Ty\u00f6markkinatori<\/div>\n<\/div>\n","protected":false},"author":0,"featured_media":0,"template":"","meta":{"_acf_changed":false,"inline_featured_image":false,"_company_tagline":"","_company_website":"","_company_twitter":"","_company_video":"","_filled":0,"_featured":0,"_remote_position":0,"_job_salary":"","_job_salary_currency":"","_job_salary_unit":""},"job_listing_region":[],"job-categories":[1524],"job-types":[1100],"job_listing_tag":[1165],"class_list":["post-3849069","job_listing","type-job_listing","status-publish","hentry","job_listing_type-contract","job_listing_tag-social-services-healthcare","job_listing_company-sunshine-early-learning-centre-oy","job_source-tyomarkkinatori","worktime-full-time","job-type-contract"],"acf":[],"yoast_head":"<!-- This site is optimized with the Yoast SEO plugin v28.3 - https:\/\/yoast.com\/product\/yoast-seo-wordpress\/ -->\n<title>ECEC Child Carer \/ Varhaiskasvatuksen lastenhoitaja, Sunshine Pyynikki Daycare, starting 7th Sep or as agreed - Laura.fi<\/title>\n<meta name=\"description\" content=\"Dear ECEC Child Carers, Sunshine Early Learning Centre is looking for a new early childhood education professional, to join our international team at\" \/>\n<meta name=\"robots\" content=\"index, follow, max-snippet:-1, max-image-preview:large, max-video-preview:-1\" \/>\n<link rel=\"canonical\" href=\"https:\/\/laura.fi\/en\/avoimet-tyopaikat\/sunshine-early-learning-centre-oy\/ecec-child-carer-varhaiskasvatuksen-lastenhoitaja-sunshine-pyynikki-daycare-starting-7th-sep-or-as-agreed\/3849069\/\" \/>\n<meta property=\"og:locale\" content=\"en_US\" \/>\n<meta property=\"og:type\" content=\"article\" \/>\n<meta property=\"og:title\" content=\"ECEC Child Carer \/ Varhaiskasvatuksen lastenhoitaja, Sunshine Pyynikki Daycare, starting 7th Sep or as agreed - Laura.fi\" \/>\n<meta property=\"og:description\" content=\"Dear ECEC Child Carers, Sunshine Early Learning Centre is looking for a new early childhood education professional, to join our international team at\" \/>\n<meta property=\"og:url\" content=\"https:\/\/laura.fi\/en\/avoimet-tyopaikat\/sunshine-early-learning-centre-oy\/ecec-child-carer-varhaiskasvatuksen-lastenhoitaja-sunshine-pyynikki-daycare-starting-7th-sep-or-as-agreed\/3849069\/\" \/>\n<meta property=\"og:site_name\" content=\"Laura.fi\" \/>\n<meta property=\"article:publisher\" content=\"https:\/\/www.facebook.com\/LauraRekrytointiOy\/\" \/>\n<meta property=\"article:modified_time\" content=\"2026-08-25T10:36:11+00:00\" \/>\n<meta property=\"og:image\" content=\"https:\/\/laura.fi\/wp-content\/uploads\/2024\/01\/Sosiaali-ja-terveysala-1-1024x536.png\" \/>\n\t<meta property=\"og:image:width\" content=\"1200\"\/>\n\t<meta property=\"og:image:height\" content=\"628\"\/>\n<meta name=\"twitter:card\" content=\"summary_large_image\" \/>\n<meta name=\"twitter:image\" content=\"https:\/\/laura.fi\/wp-content\/uploads\/2024\/01\/Sosiaali-ja-terveysala-1024x536.png\" \/>\n<meta name=\"twitter:site\" content=\"@LauraRekry\" \/>\n<meta name=\"twitter:label1\" content=\"Est. reading time\" \/>\n\t<meta name=\"twitter:data1\" content=\"2 minutes\" \/>\n<script type=\"application\/ld+json\" class=\"yoast-schema-graph\">{\"@context\":\"https:\\\/\\\/schema.org\",\"@graph\":[{\"@type\":\"WebPage\",\"@id\":\"https:\\\/\\\/laura.fi\\\/en\\\/avoimet-tyopaikat\\\/sunshine-early-learning-centre-oy\\\/ecec-child-carer-varhaiskasvatuksen-lastenhoitaja-sunshine-pyynikki-daycare-starting-7th-sep-or-as-agreed\\\/3849069\\\/\",\"url\":\"https:\\\/\\\/laura.fi\\\/en\\\/avoimet-tyopaikat\\\/sunshine-early-learning-centre-oy\\\/ecec-child-carer-varhaiskasvatuksen-lastenhoitaja-sunshine-pyynikki-daycare-starting-7th-sep-or-as-agreed\\\/3849069\\\/\",\"name\":\"ECEC Child Carer \\\/ Varhaiskasvatuksen lastenhoitaja, Sunshine Pyynikki Daycare, starting 7th Sep or as agreed - Laura.fi\",\"isPartOf\":{\"@id\":\"https:\\\/\\\/laura.fi\\\/#website\"},\"datePublished\":\"2026-08-25T08:41:47+00:00\",\"dateModified\":\"2026-08-25T10:36:11+00:00\",\"description\":\"Dear ECEC Child Carers, Sunshine Early Learning Centre is looking for a new early childhood education professional, to join our international team at\",\"breadcrumb\":{\"@id\":\"https:\\\/\\\/laura.fi\\\/en\\\/avoimet-tyopaikat\\\/sunshine-early-learning-centre-oy\\\/ecec-child-carer-varhaiskasvatuksen-lastenhoitaja-sunshine-pyynikki-daycare-starting-7th-sep-or-as-agreed\\\/3849069\\\/#breadcrumb\"},\"inLanguage\":\"en-US\",\"potentialAction\":[{\"@type\":\"ReadAction\",\"target\":[\"https:\\\/\\\/laura.fi\\\/en\\\/avoimet-tyopaikat\\\/sunshine-early-learning-centre-oy\\\/ecec-child-carer-varhaiskasvatuksen-lastenhoitaja-sunshine-pyynikki-daycare-starting-7th-sep-or-as-agreed\\\/3849069\\\/\"]}]},{\"@type\":\"BreadcrumbList\",\"@id\":\"https:\\\/\\\/laura.fi\\\/en\\\/avoimet-tyopaikat\\\/sunshine-early-learning-centre-oy\\\/ecec-child-carer-varhaiskasvatuksen-lastenhoitaja-sunshine-pyynikki-daycare-starting-7th-sep-or-as-agreed\\\/3849069\\\/#breadcrumb\",\"itemListElement\":[{\"@type\":\"ListItem\",\"position\":1,\"name\":\"Home\",\"item\":\"https:\\\/\\\/laura.fi\\\/en\\\/\"},{\"@type\":\"ListItem\",\"position\":2,\"name\":\"Vacancies\",\"item\":\"https:\\\/\\\/laura.fi\\\/en\\\/vacancies\\\/\"},{\"@type\":\"ListItem\",\"position\":3,\"name\":\"Sunshine Early Learning Centre Oy\",\"item\":\"\\\/en\\\/vacancies\\\/sunshine-early-learning-centre-oy\\\/\"},{\"@type\":\"ListItem\",\"position\":4,\"name\":\"ECEC Child Carer \\\/ Varhaiskasvatuksen lastenhoitaja, Sunshine Pyynikki Daycare, starting 7th Sep or as agreed\"}]},{\"@type\":\"WebSite\",\"@id\":\"https:\\\/\\\/laura.fi\\\/#website\",\"url\":\"https:\\\/\\\/laura.fi\\\/\",\"name\":\"Laura.fi\",\"description\":\"Hyvi\u00e4 t\u00f6it\u00e4 ja rekrytointeja n\u00e4kyviss\u00e4\",\"publisher\":{\"@id\":\"https:\\\/\\\/laura.fi\\\/#organization\"},\"potentialAction\":[{\"@type\":\"SearchAction\",\"target\":{\"@type\":\"EntryPoint\",\"urlTemplate\":\"https:\\\/\\\/laura.fi\\\/?s={search_term_string}\"},\"query-input\":{\"@type\":\"PropertyValueSpecification\",\"valueRequired\":true,\"valueName\":\"search_term_string\"}}],\"inLanguage\":\"en-US\"},{\"@type\":\"Organization\",\"@id\":\"https:\\\/\\\/laura.fi\\\/#organization\",\"name\":\"LAURA Rekrytointi Oy\",\"url\":\"https:\\\/\\\/laura.fi\\\/\",\"logo\":{\"@type\":\"ImageObject\",\"inLanguage\":\"en-US\",\"@id\":\"https:\\\/\\\/laura.fi\\\/#\\\/schema\\\/logo\\\/image\\\/\",\"url\":\"https:\\\/\\\/laura.fi\\\/wp-content\\\/uploads\\\/2024\\\/01\\\/LAURA_logo_oranssi.jpg\",\"contentUrl\":\"https:\\\/\\\/laura.fi\\\/wp-content\\\/uploads\\\/2024\\\/01\\\/LAURA_logo_oranssi.jpg\",\"width\":1392,\"height\":813,\"caption\":\"LAURA Rekrytointi Oy\"},\"image\":{\"@id\":\"https:\\\/\\\/laura.fi\\\/#\\\/schema\\\/logo\\\/image\\\/\"},\"sameAs\":[\"https:\\\/\\\/www.facebook.com\\\/LauraRekrytointiOy\\\/\",\"https:\\\/\\\/x.com\\\/LauraRekry\",\"https:\\\/\\\/www.linkedin.com\\\/company\\\/laurarekrytointioy\\\/\",\"https:\\\/\\\/www.instagram.com\\\/laurarekrytointioy\\\/\"]}]}<\/script>\n<!-- \/ Yoast SEO plugin. -->","yoast_head_json":{"title":"ECEC Child Carer \/ Varhaiskasvatuksen lastenhoitaja, Sunshine Pyynikki Daycare, starting 7th Sep or as agreed - Laura.fi","description":"Dear ECEC Child Carers, Sunshine Early Learning Centre is looking for a new early childhood education professional, to join our international team at","robots":{"index":"index","follow":"follow","max-snippet":"max-snippet:-1","max-image-preview":"max-image-preview:large","max-video-preview":"max-video-preview:-1"},"canonical":"https:\/\/laura.fi\/en\/avoimet-tyopaikat\/sunshine-early-learning-centre-oy\/ecec-child-carer-varhaiskasvatuksen-lastenhoitaja-sunshine-pyynikki-daycare-starting-7th-sep-or-as-agreed\/3849069\/","og_locale":"en_US","og_type":"article","og_title":"ECEC Child Carer \/ Varhaiskasvatuksen lastenhoitaja, Sunshine Pyynikki Daycare, starting 7th Sep or as agreed - Laura.fi","og_description":"Dear ECEC Child Carers, Sunshine Early Learning Centre is looking for a new early childhood education professional, to join our international team at","og_url":"https:\/\/laura.fi\/en\/avoimet-tyopaikat\/sunshine-early-learning-centre-oy\/ecec-child-carer-varhaiskasvatuksen-lastenhoitaja-sunshine-pyynikki-daycare-starting-7th-sep-or-as-agreed\/3849069\/","og_site_name":"Laura.fi","article_publisher":"https:\/\/www.facebook.com\/LauraRekrytointiOy\/","article_modified_time":"2026-08-25T10:36:11+00:00","twitter_card":"summary_large_image","twitter_image":"https:\/\/laura.fi\/wp-content\/uploads\/2024\/01\/Sosiaali-ja-terveysala-1024x536.png","twitter_site":"@LauraRekry","twitter_misc":{"Est. reading time":"2 minutes"},"schema":{"@context":"https:\/\/schema.org","@graph":[{"@type":"WebPage","@id":"https:\/\/laura.fi\/en\/avoimet-tyopaikat\/sunshine-early-learning-centre-oy\/ecec-child-carer-varhaiskasvatuksen-lastenhoitaja-sunshine-pyynikki-daycare-starting-7th-sep-or-as-agreed\/3849069\/","url":"https:\/\/laura.fi\/en\/avoimet-tyopaikat\/sunshine-early-learning-centre-oy\/ecec-child-carer-varhaiskasvatuksen-lastenhoitaja-sunshine-pyynikki-daycare-starting-7th-sep-or-as-agreed\/3849069\/","name":"ECEC Child Carer \/ Varhaiskasvatuksen lastenhoitaja, Sunshine Pyynikki Daycare, starting 7th Sep or as agreed - Laura.fi","isPartOf":{"@id":"https:\/\/laura.fi\/#website"},"datePublished":"2026-08-25T08:41:47+00:00","dateModified":"2026-08-25T10:36:11+00:00","description":"Dear ECEC Child Carers, Sunshine Early Learning Centre is looking for a new early childhood education professional, to join our international team at","breadcrumb":{"@id":"https:\/\/laura.fi\/en\/avoimet-tyopaikat\/sunshine-early-learning-centre-oy\/ecec-child-carer-varhaiskasvatuksen-lastenhoitaja-sunshine-pyynikki-daycare-starting-7th-sep-or-as-agreed\/3849069\/#breadcrumb"},"inLanguage":"en-US","potentialAction":[{"@type":"ReadAction","target":["https:\/\/laura.fi\/en\/avoimet-tyopaikat\/sunshine-early-learning-centre-oy\/ecec-child-carer-varhaiskasvatuksen-lastenhoitaja-sunshine-pyynikki-daycare-starting-7th-sep-or-as-agreed\/3849069\/"]}]},{"@type":"BreadcrumbList","@id":"https:\/\/laura.fi\/en\/avoimet-tyopaikat\/sunshine-early-learning-centre-oy\/ecec-child-carer-varhaiskasvatuksen-lastenhoitaja-sunshine-pyynikki-daycare-starting-7th-sep-or-as-agreed\/3849069\/#breadcrumb","itemListElement":[{"@type":"ListItem","position":1,"name":"Home","item":"https:\/\/laura.fi\/en\/"},{"@type":"ListItem","position":2,"name":"Vacancies","item":"https:\/\/laura.fi\/en\/vacancies\/"},{"@type":"ListItem","position":3,"name":"Sunshine Early Learning Centre Oy","item":"\/en\/vacancies\/sunshine-early-learning-centre-oy\/"},{"@type":"ListItem","position":4,"name":"ECEC Child Carer \/ Varhaiskasvatuksen lastenhoitaja, Sunshine Pyynikki Daycare, starting 7th Sep or as agreed"}]},{"@type":"WebSite","@id":"https:\/\/laura.fi\/#website","url":"https:\/\/laura.fi\/","name":"Laura.fi","description":"Hyvi\u00e4 t\u00f6it\u00e4 ja rekrytointeja n\u00e4kyviss\u00e4","publisher":{"@id":"https:\/\/laura.fi\/#organization"},"potentialAction":[{"@type":"SearchAction","target":{"@type":"EntryPoint","urlTemplate":"https:\/\/laura.fi\/?s={search_term_string}"},"query-input":{"@type":"PropertyValueSpecification","valueRequired":true,"valueName":"search_term_string"}}],"inLanguage":"en-US"},{"@type":"Organization","@id":"https:\/\/laura.fi\/#organization","name":"LAURA Rekrytointi Oy","url":"https:\/\/laura.fi\/","logo":{"@type":"ImageObject","inLanguage":"en-US","@id":"https:\/\/laura.fi\/#\/schema\/logo\/image\/","url":"https:\/\/laura.fi\/wp-content\/uploads\/2024\/01\/LAURA_logo_oranssi.jpg","contentUrl":"https:\/\/laura.fi\/wp-content\/uploads\/2024\/01\/LAURA_logo_oranssi.jpg","width":1392,"height":813,"caption":"LAURA Rekrytointi Oy"},"image":{"@id":"https:\/\/laura.fi\/#\/schema\/logo\/image\/"},"sameAs":["https:\/\/www.facebook.com\/LauraRekrytointiOy\/","https:\/\/x.com\/LauraRekry","https:\/\/www.linkedin.com\/company\/laurarekrytointioy\/","https:\/\/www.instagram.com\/laurarekrytointioy\/"]}]}},"_links":{"self":[{"href":"https:\/\/laura.fi\/en\/wp-json\/wp\/v2\/job-listings\/3849069","targetHints":{"allow":["GET"]}}],"collection":[{"href":"https:\/\/laura.fi\/en\/wp-json\/wp\/v2\/job-listings"}],"about":[{"href":"https:\/\/laura.fi\/en\/wp-json\/wp\/v2\/types\/job_listing"}],"wp:attachment":[{"href":"https:\/\/laura.fi\/en\/wp-json\/wp\/v2\/media?parent=3849069"}],"wp:term":[{"taxonomy":"job_listing_region","embeddable":true,"href":"https:\/\/laura.fi\/en\/wp-json\/wp\/v2\/job_listing_region?post=3849069"},{"taxonomy":"job_listing_category","embeddable":true,"href":"https:\/\/laura.fi\/en\/wp-json\/wp\/v2\/job-categories?post=3849069"},{"taxonomy":"job_listing_type","embeddable":true,"href":"https:\/\/laura.fi\/en\/wp-json\/wp\/v2\/job-types?post=3849069"},{"taxonomy":"job_listing_tag","embeddable":true,"href":"https:\/\/laura.fi\/en\/wp-json\/wp\/v2\/job_listing_tag?post=3849069"}],"curies":[{"name":"wp","href":"https:\/\/api.w.org\/{rel}","templated":true}]}}