{"id":3848665,"date":"2026-08-25T09:09:10","date_gmt":"2026-08-25T06:09:10","guid":{"rendered":"https:\/\/laura.fi\/vacancies\/company\/barnskotare-inom-smabarnspedagogik\/barnskotare-inom-smabarnspedagogik\/"},"modified":"2026-08-25T10:36:17","modified_gmt":"2026-08-25T07:36:17","slug":"3848665","status":"publish","type":"job_listing","link":"https:\/\/laura.fi\/en\/vacancies\/grankulla-stad\/barnskotare-inom-smabarnspedagogik\/3848665\/","title":{"rendered":"Barnsk\u00f6tare inom sm\u00e5barnspedagogik"},"content":{"rendered":"<p>Kasabergets daghem s\u00f6ker en barnsk\u00f6tare inom sm\u00e5barnspedagogik, vikariat f\u00f6r tiden 1.9.2026-31.7.2027 till en pedagogiskt f\u00f6rst\u00e4rkt barngrupp med 5 \u00e5riga barn.<\/p>\n<p>Som barnsk\u00f6tare inom sm\u00e5barnspedagogik deltar du i planeringen, genomf\u00f6randet, utv\u00e4rderingen och utvecklingen av verksamheten tillsammans med ditt team och den \u00f6vriga personalen p\u00e5 daghemmet i enlighet med planen f\u00f6r sm\u00e5barnspedagogik. Du \u00e4r en kreativ person, skapar lust att l\u00e4ra och har f\u00f6rm\u00e5gan att se barnen som individer. Du \u00e4r en trygg person och teamspelare, du kommer bra \u00f6verens med b\u00e5de barn, v\u00e5rdnadshavare och kolleger.<\/p>\n<p>P\u00e5 Kasabergets daghem satsar vi p\u00e5 en inkluderande verksamhetskultur, och hos oss blir du v\u00e4l m\u00f6tt och f\u00e5r inl\u00e4rning i dina arbetsuppgifter. Kom och jobba med oss!<\/p>\n<p>Grankulla erbjuder f\u00f6ljande personalf\u00f6rm\u00e5ner:<br \/>\n&#8211; kunnig och hj\u00e4lpsam personal<br \/>\n&#8211; ePassi Flex<br \/>\n&#8211; Gratis simning I Grankulla simhall<br \/>\n&#8211; Personalf\u00f6rm\u00e5ner hos m\u00e5nga f\u00f6retag<br \/>\n&#8211; Lunchnaturaf\u00f6rm\u00e5n<\/p>\n<p>Beh\u00f6righet i enlighet med lagen om sm\u00e5barnspedagogik (540\/2018)<br \/>\nF\u00f6r uppgiften l\u00e4mplig grundexamen i pedagogisk verksamhet och handledning, grundexamen inom social- och h\u00e4lsov\u00e5rdsbranschen eller annan motsvarande examen. T.ex. barnsk\u00f6tare, dagv\u00e5rdare och n\u00e4rv\u00e5rdare (kompetensomr\u00e5det f\u00f6r pedagogisk verksamhet och v\u00e5rd av barn och unga).<\/p>\n<p>Den som anst\u00e4lls b\u00f6r uppvisa ett godtagbart utdrag ur brottsregistret f\u00f6r arbete med barn.<\/p>\n<p>God svenska<br \/>\n<\/p>\n<div id=\"te-palvelut-info\">\n<div class=\"te-palvelut-row\"><span class=\"te-palvelut-hdr\">Employment relationship:<\/span><span class=\"te-palvelut-text\">Employment <\/span><\/div>\n<div class=\"te-palvelut-row\"><span class=\"te-palvelut-hdr\">Wage:<\/span><span class=\"te-palvelut-text\">Other 2638,64\u20ac\/m\u00e5n<\/span><\/div>\n<div class=\"te-palvelut-row\"><span class=\"te-palvelut-hdr\">Working time:<\/span><span class=\"te-palvelut-text\">Daytime work<\/span><\/div>\n<div class=\"te-palvelut-row\"><span class=\"te-palvelut-hdr\">Number of positions:<\/span><span class=\"te-palvelut-text\">1<\/span><\/div>\n<div class=\"te-palvelut-row\"><span class=\"te-palvelut-hdr\">Notes for applying:<\/span><span class=\"te-palvelut-text\">Riia Forss-Ilves\/Kasabergets daghem<br \/>\ntel.040 673 4098<br \/>\nriia.forss-ilves@kauniainen.fi<\/span><\/div>\n<div class=\"te-palvelut-source\">Source: Job Market Finland\/Ty\u00f6markkinatori<\/div>\n<\/div>\n","protected":false},"author":0,"featured_media":0,"template":"","meta":{"_acf_changed":false,"inline_featured_image":false,"_company_tagline":"","_company_website":"","_company_twitter":"","_company_video":"","_filled":0,"_featured":0,"_remote_position":0,"_job_salary":"","_job_salary_currency":"","_job_salary_unit":""},"job_listing_region":[837,29],"job-categories":[1524,3905,3905,821],"job-types":[562],"job_listing_tag":[1165],"class_list":["post-3848665","job_listing","type-job_listing","status-publish","hentry","job_listing_region-helsinki-metropolitan-area","job_listing_region-uusimaa","job_listing_type-temporary-substitute","job_listing_tag-social-services-healthcare","job_listing_company-grankulla-stad","job_source-tyomarkkinatori","worktime-full-time","job-type-temporary-substitute"],"acf":[],"yoast_head":"<!-- This site is optimized with the Yoast SEO plugin v28.3 - https:\/\/yoast.com\/product\/yoast-seo-wordpress\/ -->\n<title>Barnsk\u00f6tare inom sm\u00e5barnspedagogik - Laura.fi<\/title>\n<meta name=\"description\" content=\"Kasabergets daghem s\u00f6ker en barnsk\u00f6tare inom sm\u00e5barnspedagogik, vikariat f\u00f6r tiden 1.9.2026-31.7.2027 till en pedagogiskt f\u00f6rst\u00e4rkt barngrupp med 5 \u00e5riga\" \/>\n<meta name=\"robots\" content=\"index, follow, max-snippet:-1, max-image-preview:large, max-video-preview:-1\" \/>\n<link rel=\"canonical\" href=\"https:\/\/laura.fi\/en\/avoimet-tyopaikat\/grankulla-stad\/barnskotare-inom-smabarnspedagogik\/3848665\/\" \/>\n<meta property=\"og:locale\" content=\"en_US\" \/>\n<meta property=\"og:type\" content=\"article\" \/>\n<meta property=\"og:title\" content=\"Barnsk\u00f6tare inom sm\u00e5barnspedagogik - Laura.fi\" \/>\n<meta property=\"og:description\" content=\"Kasabergets daghem s\u00f6ker en barnsk\u00f6tare inom sm\u00e5barnspedagogik, vikariat f\u00f6r tiden 1.9.2026-31.7.2027 till en pedagogiskt f\u00f6rst\u00e4rkt barngrupp med 5 \u00e5riga\" \/>\n<meta property=\"og:url\" content=\"https:\/\/laura.fi\/en\/avoimet-tyopaikat\/grankulla-stad\/barnskotare-inom-smabarnspedagogik\/3848665\/\" \/>\n<meta property=\"og:site_name\" content=\"Laura.fi\" \/>\n<meta property=\"article:publisher\" content=\"https:\/\/www.facebook.com\/LauraRekrytointiOy\/\" \/>\n<meta property=\"article:modified_time\" content=\"2026-08-25T07:36:17+00:00\" \/>\n<meta property=\"og:image\" content=\"https:\/\/laura.fi\/wp-content\/uploads\/2024\/01\/Sosiaali-ja-terveysala-1-1024x536.png\" \/>\n\t<meta property=\"og:image:width\" content=\"1200\"\/>\n\t<meta property=\"og:image:height\" content=\"628\"\/>\n<meta name=\"twitter:card\" content=\"summary_large_image\" \/>\n<meta name=\"twitter:image\" content=\"https:\/\/laura.fi\/wp-content\/uploads\/2024\/01\/Sosiaali-ja-terveysala-1024x536.png\" \/>\n<meta name=\"twitter:site\" content=\"@LauraRekry\" \/>\n<meta name=\"twitter:label1\" content=\"Est. reading time\" \/>\n\t<meta name=\"twitter:data1\" content=\"1 minute\" \/>\n<script type=\"application\/ld+json\" class=\"yoast-schema-graph\">{\"@context\":\"https:\\\/\\\/schema.org\",\"@graph\":[{\"@type\":\"WebPage\",\"@id\":\"https:\\\/\\\/laura.fi\\\/en\\\/avoimet-tyopaikat\\\/grankulla-stad\\\/barnskotare-inom-smabarnspedagogik\\\/3848665\\\/\",\"url\":\"https:\\\/\\\/laura.fi\\\/en\\\/avoimet-tyopaikat\\\/grankulla-stad\\\/barnskotare-inom-smabarnspedagogik\\\/3848665\\\/\",\"name\":\"Barnsk\u00f6tare inom sm\u00e5barnspedagogik - Laura.fi\",\"isPartOf\":{\"@id\":\"https:\\\/\\\/laura.fi\\\/#website\"},\"datePublished\":\"2026-08-25T06:09:10+00:00\",\"dateModified\":\"2026-08-25T07:36:17+00:00\",\"description\":\"Kasabergets daghem s\u00f6ker en barnsk\u00f6tare inom sm\u00e5barnspedagogik, vikariat f\u00f6r tiden 1.9.2026-31.7.2027 till en pedagogiskt f\u00f6rst\u00e4rkt barngrupp med 5 \u00e5riga\",\"breadcrumb\":{\"@id\":\"https:\\\/\\\/laura.fi\\\/en\\\/avoimet-tyopaikat\\\/grankulla-stad\\\/barnskotare-inom-smabarnspedagogik\\\/3848665\\\/#breadcrumb\"},\"inLanguage\":\"en-US\",\"potentialAction\":[{\"@type\":\"ReadAction\",\"target\":[\"https:\\\/\\\/laura.fi\\\/en\\\/avoimet-tyopaikat\\\/grankulla-stad\\\/barnskotare-inom-smabarnspedagogik\\\/3848665\\\/\"]}]},{\"@type\":\"BreadcrumbList\",\"@id\":\"https:\\\/\\\/laura.fi\\\/en\\\/avoimet-tyopaikat\\\/grankulla-stad\\\/barnskotare-inom-smabarnspedagogik\\\/3848665\\\/#breadcrumb\",\"itemListElement\":[{\"@type\":\"ListItem\",\"position\":1,\"name\":\"Home\",\"item\":\"https:\\\/\\\/laura.fi\\\/en\\\/\"},{\"@type\":\"ListItem\",\"position\":2,\"name\":\"Vacancies\",\"item\":\"https:\\\/\\\/laura.fi\\\/en\\\/vacancies\\\/\"},{\"@type\":\"ListItem\",\"position\":3,\"name\":\"Grankulla stad\",\"item\":\"\\\/en\\\/vacancies\\\/grankulla-stad\\\/\"},{\"@type\":\"ListItem\",\"position\":4,\"name\":\"Barnsk\u00f6tare inom sm\u00e5barnspedagogik\"}]},{\"@type\":\"WebSite\",\"@id\":\"https:\\\/\\\/laura.fi\\\/#website\",\"url\":\"https:\\\/\\\/laura.fi\\\/\",\"name\":\"Laura.fi\",\"description\":\"Hyvi\u00e4 t\u00f6it\u00e4 ja rekrytointeja n\u00e4kyviss\u00e4\",\"publisher\":{\"@id\":\"https:\\\/\\\/laura.fi\\\/#organization\"},\"potentialAction\":[{\"@type\":\"SearchAction\",\"target\":{\"@type\":\"EntryPoint\",\"urlTemplate\":\"https:\\\/\\\/laura.fi\\\/?s={search_term_string}\"},\"query-input\":{\"@type\":\"PropertyValueSpecification\",\"valueRequired\":true,\"valueName\":\"search_term_string\"}}],\"inLanguage\":\"en-US\"},{\"@type\":\"Organization\",\"@id\":\"https:\\\/\\\/laura.fi\\\/#organization\",\"name\":\"LAURA Rekrytointi Oy\",\"url\":\"https:\\\/\\\/laura.fi\\\/\",\"logo\":{\"@type\":\"ImageObject\",\"inLanguage\":\"en-US\",\"@id\":\"https:\\\/\\\/laura.fi\\\/#\\\/schema\\\/logo\\\/image\\\/\",\"url\":\"https:\\\/\\\/laura.fi\\\/wp-content\\\/uploads\\\/2024\\\/01\\\/LAURA_logo_oranssi.jpg\",\"contentUrl\":\"https:\\\/\\\/laura.fi\\\/wp-content\\\/uploads\\\/2024\\\/01\\\/LAURA_logo_oranssi.jpg\",\"width\":1392,\"height\":813,\"caption\":\"LAURA Rekrytointi Oy\"},\"image\":{\"@id\":\"https:\\\/\\\/laura.fi\\\/#\\\/schema\\\/logo\\\/image\\\/\"},\"sameAs\":[\"https:\\\/\\\/www.facebook.com\\\/LauraRekrytointiOy\\\/\",\"https:\\\/\\\/x.com\\\/LauraRekry\",\"https:\\\/\\\/www.linkedin.com\\\/company\\\/laurarekrytointioy\\\/\",\"https:\\\/\\\/www.instagram.com\\\/laurarekrytointioy\\\/\"]}]}<\/script>\n<!-- \/ Yoast SEO plugin. -->","yoast_head_json":{"title":"Barnsk\u00f6tare inom sm\u00e5barnspedagogik - Laura.fi","description":"Kasabergets daghem s\u00f6ker en barnsk\u00f6tare inom sm\u00e5barnspedagogik, vikariat f\u00f6r tiden 1.9.2026-31.7.2027 till en pedagogiskt f\u00f6rst\u00e4rkt barngrupp med 5 \u00e5riga","robots":{"index":"index","follow":"follow","max-snippet":"max-snippet:-1","max-image-preview":"max-image-preview:large","max-video-preview":"max-video-preview:-1"},"canonical":"https:\/\/laura.fi\/en\/avoimet-tyopaikat\/grankulla-stad\/barnskotare-inom-smabarnspedagogik\/3848665\/","og_locale":"en_US","og_type":"article","og_title":"Barnsk\u00f6tare inom sm\u00e5barnspedagogik - Laura.fi","og_description":"Kasabergets daghem s\u00f6ker en barnsk\u00f6tare inom sm\u00e5barnspedagogik, vikariat f\u00f6r tiden 1.9.2026-31.7.2027 till en pedagogiskt f\u00f6rst\u00e4rkt barngrupp med 5 \u00e5riga","og_url":"https:\/\/laura.fi\/en\/avoimet-tyopaikat\/grankulla-stad\/barnskotare-inom-smabarnspedagogik\/3848665\/","og_site_name":"Laura.fi","article_publisher":"https:\/\/www.facebook.com\/LauraRekrytointiOy\/","article_modified_time":"2026-08-25T07:36:17+00:00","twitter_card":"summary_large_image","twitter_image":"https:\/\/laura.fi\/wp-content\/uploads\/2024\/01\/Sosiaali-ja-terveysala-1024x536.png","twitter_site":"@LauraRekry","twitter_misc":{"Est. reading time":"1 minute"},"schema":{"@context":"https:\/\/schema.org","@graph":[{"@type":"WebPage","@id":"https:\/\/laura.fi\/en\/avoimet-tyopaikat\/grankulla-stad\/barnskotare-inom-smabarnspedagogik\/3848665\/","url":"https:\/\/laura.fi\/en\/avoimet-tyopaikat\/grankulla-stad\/barnskotare-inom-smabarnspedagogik\/3848665\/","name":"Barnsk\u00f6tare inom sm\u00e5barnspedagogik - Laura.fi","isPartOf":{"@id":"https:\/\/laura.fi\/#website"},"datePublished":"2026-08-25T06:09:10+00:00","dateModified":"2026-08-25T07:36:17+00:00","description":"Kasabergets daghem s\u00f6ker en barnsk\u00f6tare inom sm\u00e5barnspedagogik, vikariat f\u00f6r tiden 1.9.2026-31.7.2027 till en pedagogiskt f\u00f6rst\u00e4rkt barngrupp med 5 \u00e5riga","breadcrumb":{"@id":"https:\/\/laura.fi\/en\/avoimet-tyopaikat\/grankulla-stad\/barnskotare-inom-smabarnspedagogik\/3848665\/#breadcrumb"},"inLanguage":"en-US","potentialAction":[{"@type":"ReadAction","target":["https:\/\/laura.fi\/en\/avoimet-tyopaikat\/grankulla-stad\/barnskotare-inom-smabarnspedagogik\/3848665\/"]}]},{"@type":"BreadcrumbList","@id":"https:\/\/laura.fi\/en\/avoimet-tyopaikat\/grankulla-stad\/barnskotare-inom-smabarnspedagogik\/3848665\/#breadcrumb","itemListElement":[{"@type":"ListItem","position":1,"name":"Home","item":"https:\/\/laura.fi\/en\/"},{"@type":"ListItem","position":2,"name":"Vacancies","item":"https:\/\/laura.fi\/en\/vacancies\/"},{"@type":"ListItem","position":3,"name":"Grankulla stad","item":"\/en\/vacancies\/grankulla-stad\/"},{"@type":"ListItem","position":4,"name":"Barnsk\u00f6tare inom sm\u00e5barnspedagogik"}]},{"@type":"WebSite","@id":"https:\/\/laura.fi\/#website","url":"https:\/\/laura.fi\/","name":"Laura.fi","description":"Hyvi\u00e4 t\u00f6it\u00e4 ja rekrytointeja n\u00e4kyviss\u00e4","publisher":{"@id":"https:\/\/laura.fi\/#organization"},"potentialAction":[{"@type":"SearchAction","target":{"@type":"EntryPoint","urlTemplate":"https:\/\/laura.fi\/?s={search_term_string}"},"query-input":{"@type":"PropertyValueSpecification","valueRequired":true,"valueName":"search_term_string"}}],"inLanguage":"en-US"},{"@type":"Organization","@id":"https:\/\/laura.fi\/#organization","name":"LAURA Rekrytointi Oy","url":"https:\/\/laura.fi\/","logo":{"@type":"ImageObject","inLanguage":"en-US","@id":"https:\/\/laura.fi\/#\/schema\/logo\/image\/","url":"https:\/\/laura.fi\/wp-content\/uploads\/2024\/01\/LAURA_logo_oranssi.jpg","contentUrl":"https:\/\/laura.fi\/wp-content\/uploads\/2024\/01\/LAURA_logo_oranssi.jpg","width":1392,"height":813,"caption":"LAURA Rekrytointi Oy"},"image":{"@id":"https:\/\/laura.fi\/#\/schema\/logo\/image\/"},"sameAs":["https:\/\/www.facebook.com\/LauraRekrytointiOy\/","https:\/\/x.com\/LauraRekry","https:\/\/www.linkedin.com\/company\/laurarekrytointioy\/","https:\/\/www.instagram.com\/laurarekrytointioy\/"]}]}},"_links":{"self":[{"href":"https:\/\/laura.fi\/en\/wp-json\/wp\/v2\/job-listings\/3848665","targetHints":{"allow":["GET"]}}],"collection":[{"href":"https:\/\/laura.fi\/en\/wp-json\/wp\/v2\/job-listings"}],"about":[{"href":"https:\/\/laura.fi\/en\/wp-json\/wp\/v2\/types\/job_listing"}],"wp:attachment":[{"href":"https:\/\/laura.fi\/en\/wp-json\/wp\/v2\/media?parent=3848665"}],"wp:term":[{"taxonomy":"job_listing_region","embeddable":true,"href":"https:\/\/laura.fi\/en\/wp-json\/wp\/v2\/job_listing_region?post=3848665"},{"taxonomy":"job_listing_category","embeddable":true,"href":"https:\/\/laura.fi\/en\/wp-json\/wp\/v2\/job-categories?post=3848665"},{"taxonomy":"job_listing_type","embeddable":true,"href":"https:\/\/laura.fi\/en\/wp-json\/wp\/v2\/job-types?post=3848665"},{"taxonomy":"job_listing_tag","embeddable":true,"href":"https:\/\/laura.fi\/en\/wp-json\/wp\/v2\/job_listing_tag?post=3848665"}],"curies":[{"name":"wp","href":"https:\/\/api.w.org\/{rel}","templated":true}]}}